{"id":466,"date":"2020-08-24T12:27:37","date_gmt":"2020-08-24T12:27:37","guid":{"rendered":"https:\/\/www.implantdentalbadalona.com\/ortodoncia\/"},"modified":"2020-09-02T10:18:52","modified_gmt":"2020-09-02T10:18:52","slug":"ortodoncia","status":"publish","type":"page","link":"https:\/\/www.implantdentalbadalona.com\/ca\/ortodoncia\/","title":{"rendered":"Ortod\u00f2ncia"},"content":{"rendered":"\t\t<div data-elementor-type=\"wp-page\" data-elementor-id=\"466\" class=\"elementor elementor-466 elementor-187\" data-elementor-post-type=\"page\">\n\t\t\t\t\t\t<section class=\"elementor-section elementor-top-section elementor-element elementor-element-ccd68aa elementor-section-stretched elementor-section-boxed elementor-section-height-default elementor-section-height-default\" data-id=\"ccd68aa\" data-element_type=\"section\" data-settings=\"{&quot;stretch_section&quot;:&quot;section-stretched&quot;}\">\n\t\t\t\t\t\t\t<div class=\"elementor-background-overlay\"><\/div>\n\t\t\t\t\t\t\t<div class=\"elementor-container elementor-column-gap-default\">\n\t\t\t\t\t<div class=\"elementor-column elementor-col-100 elementor-top-column elementor-element elementor-element-8c9c207\" data-id=\"8c9c207\" data-element_type=\"column\">\n\t\t\t<div class=\"elementor-widget-wrap\">\n\t\t\t\t\t\t\t<\/div>\n\t\t<\/div>\n\t\t\t\t\t<\/div>\n\t\t<\/section>\n\t\t\t\t<section class=\"elementor-section elementor-top-section elementor-element elementor-element-8406f33 elementor-section-boxed elementor-section-height-default elementor-section-height-default\" data-id=\"8406f33\" data-element_type=\"section\">\n\t\t\t\t\t\t<div class=\"elementor-container elementor-column-gap-default\">\n\t\t\t\t\t<div class=\"elementor-column elementor-col-100 elementor-top-column elementor-element elementor-element-1d54741\" data-id=\"1d54741\" data-element_type=\"column\">\n\t\t\t<div class=\"elementor-widget-wrap elementor-element-populated\">\n\t\t\t\t\t\t<div class=\"elementor-element elementor-element-be1c764 elementor-widget elementor-widget-heading\" data-id=\"be1c764\" data-element_type=\"widget\" data-settings=\"{&quot;motion_fx_motion_fx_scrolling&quot;:&quot;yes&quot;,&quot;motion_fx_translateY_effect&quot;:&quot;yes&quot;,&quot;motion_fx_translateY_speed&quot;:{&quot;unit&quot;:&quot;px&quot;,&quot;size&quot;:&quot;0.5&quot;,&quot;sizes&quot;:[]},&quot;motion_fx_translateY_affectedRange&quot;:{&quot;unit&quot;:&quot;%&quot;,&quot;size&quot;:&quot;&quot;,&quot;sizes&quot;:{&quot;start&quot;:&quot;0&quot;,&quot;end&quot;:&quot;50&quot;}},&quot;motion_fx_opacity_effect&quot;:&quot;yes&quot;,&quot;motion_fx_opacity_range&quot;:{&quot;unit&quot;:&quot;%&quot;,&quot;size&quot;:&quot;&quot;,&quot;sizes&quot;:{&quot;start&quot;:&quot;0&quot;,&quot;end&quot;:&quot;50&quot;}},&quot;motion_fx_devices&quot;:[&quot;desktop&quot;,&quot;mobile&quot;],&quot;motion_fx_opacity_direction&quot;:&quot;out-in&quot;,&quot;motion_fx_opacity_level&quot;:{&quot;unit&quot;:&quot;px&quot;,&quot;size&quot;:10,&quot;sizes&quot;:[]}}\" data-widget_type=\"heading.default\">\n\t\t\t\t<div class=\"elementor-widget-container\">\n\t\t\t<h1 class=\"elementor-heading-title elementor-size-default\">ORTOD\u00d2NCIA<\/h1>\t\t<\/div>\n\t\t\t\t<\/div>\n\t\t\t\t\t<\/div>\n\t\t<\/div>\n\t\t\t\t\t<\/div>\n\t\t<\/section>\n\t\t\t\t<section class=\"elementor-section elementor-top-section elementor-element elementor-element-1536318 elementor-section-boxed elementor-section-height-default elementor-section-height-default\" data-id=\"1536318\" data-element_type=\"section\">\n\t\t\t\t\t\t<div class=\"elementor-container elementor-column-gap-default\">\n\t\t\t\t\t<div class=\"elementor-column elementor-col-100 elementor-top-column elementor-element elementor-element-d018315\" data-id=\"d018315\" data-element_type=\"column\">\n\t\t\t<div class=\"elementor-widget-wrap elementor-element-populated\">\n\t\t\t\t\t\t<div class=\"elementor-element elementor-element-402e290 elementor-widget elementor-widget-text-editor\" data-id=\"402e290\" data-element_type=\"widget\" data-widget_type=\"text-editor.default\">\n\t\t\t\t<div class=\"elementor-widget-container\">\n\t\t\t\t\t\t\t<p>L&#8217;ortod\u00f2ncia \u00e9s molt m\u00e9s que alinear dents. \u00c9s l&#8217;especialitat de l&#8217;odontologia que s&#8217;encarrega d&#8217;estudiar, prevenir, diagnosticar i tractar les anomalies de posici\u00f3, relaci\u00f3 i funci\u00f3 de tot el sistema masticatori i articular; \u00e9s l&#8217;encarregada de corregir les dents i ossos que es troben en una posici\u00f3 incorrecta.<\/p>\n<p>Iniciant en edats primerenques, amb ortod\u00f2ncia interceptiva, es poden prevenir alteracions en el desenvolupament dentoalveolar, musculoesquel\u00e8tic i funcional de sistema masticatori, aix\u00ed com tractaments d&#8217;ortod\u00f2ncia correctiva complicats i extensos o fins i tot evitar-los.<\/p>\n<p>Entre els problemes m\u00e9s freq\u00fcents ens trobem:<\/p>\n<p>-Dents apinyades o torts: que afavoreixes a l&#8217;acumulaci\u00f3 de tosca i formaci\u00f3 de c\u00e0ries.<\/p>\n<p>&#8211; Mantenir espais: Tot i que \u00e9s m\u00e9s freq\u00fcent en l&#8217;etapa de recanvi dental quan es perd una pe\u00e7a temporal abans d&#8217;hora i cal mantenir l&#8217;espai per la dent definitiva, tamb\u00e9 s&#8217;utilitzen en dentici\u00f3 definitiva per a conservar o obrir un espai per a la col\u00b7locaci\u00f3 de un implant dental.<\/p>\n<p>&#8211; espaiaments o diastemes.<\/p>\n<p>&#8211; L\u00ednia mitjana dental despla\u00e7ada.<\/p>\n<p>&#8211; Mossegada oberta, creuada o sobremossegada.<\/p>\n<p>Hi ha dos tipus d&#8217;ortod\u00f2ncia: L&#8217;ortod\u00f2ncia interceptiva, que \u00e9s l&#8217;encarregada de tractar a pacients infantils i en etapes primerenques de creixement prevenint i guiant el correcte desenvolupament de les estructures de sistema masticatori, i parlem d&#8217;ortod\u00f2ncia correctiva, quan el problema ja es troba establert normalment en pacients joves i adults.<\/p>\n<p>Dins de l&#8217;ortod\u00f2ncia correctiva, hi ha l&#8217;opci\u00f3 d&#8217;ortod\u00f2ncia fixa amb brackets met\u00e0l\u00b7lics convencionals, brackets est\u00e8tics i autoligados; i l&#8217;opci\u00f3 d&#8217;ortod\u00f2ncia correctiva amb alineadors que s\u00f3n f\u00e8rules de pl\u00e0stic r\u00edgid que conforme es van canviant van movent la dent a una posici\u00f3 m\u00e9s \u00f2ptima.<\/p>\n\t\t\t\t\t\t<\/div>\n\t\t\t\t<\/div>\n\t\t\t\t\t<\/div>\n\t\t<\/div>\n\t\t\t\t\t<\/div>\n\t\t<\/section>\n\t\t\t\t<section class=\"elementor-section elementor-top-section elementor-element elementor-element-a435680 elementor-section-stretched elementor-section-boxed elementor-section-height-default elementor-section-height-default\" data-id=\"a435680\" data-element_type=\"section\" data-settings=\"{&quot;stretch_section&quot;:&quot;section-stretched&quot;,&quot;background_background&quot;:&quot;classic&quot;}\">\n\t\t\t\t\t\t<div class=\"elementor-container elementor-column-gap-default\">\n\t\t\t\t\t<div class=\"elementor-column elementor-col-100 elementor-top-column elementor-element elementor-element-7ef601e\" data-id=\"7ef601e\" data-element_type=\"column\">\n\t\t\t<div class=\"elementor-widget-wrap elementor-element-populated\">\n\t\t\t\t\t\t<div class=\"elementor-element elementor-element-d865a60 elementor-widget elementor-widget-heading\" data-id=\"d865a60\" data-element_type=\"widget\" data-widget_type=\"heading.default\">\n\t\t\t\t<div class=\"elementor-widget-container\">\n\t\t\t<h2 class=\"elementor-heading-title elementor-size-default\">Tipus d'ortod\u00f2ncia a Badalona<\/h2>\t\t<\/div>\n\t\t\t\t<\/div>\n\t\t\t\t<div class=\"elementor-element elementor-element-9867b67 elementor-widget elementor-widget-text-editor\" data-id=\"9867b67\" data-element_type=\"widget\" data-widget_type=\"text-editor.default\">\n\t\t\t\t<div class=\"elementor-widget-container\">\n\t\t\t\t\t\t\t<p>A la Cl\u00ednica Trafalgar oferim tres t\u00e8cniques diferents per realitzar el tractament d&#8217;ortod\u00f2ncia a Badalona:<\/p>\n\t\t\t\t\t\t<\/div>\n\t\t\t\t<\/div>\n\t\t\t\t\t<\/div>\n\t\t<\/div>\n\t\t\t\t\t<\/div>\n\t\t<\/section>\n\t\t\t\t<section class=\"elementor-section elementor-top-section elementor-element elementor-element-c0b8710 elementor-section-stretched elementor-section-boxed elementor-section-height-default elementor-section-height-default\" data-id=\"c0b8710\" data-element_type=\"section\" data-settings=\"{&quot;stretch_section&quot;:&quot;section-stretched&quot;,&quot;background_background&quot;:&quot;classic&quot;}\">\n\t\t\t\t\t\t<div class=\"elementor-container elementor-column-gap-wide\">\n\t\t\t\t\t<div class=\"elementor-column elementor-col-33 elementor-top-column elementor-element elementor-element-69cf6e6\" data-id=\"69cf6e6\" data-element_type=\"column\">\n\t\t\t<div class=\"elementor-widget-wrap elementor-element-populated\">\n\t\t\t\t\t\t<div class=\"elementor-element elementor-element-fa4631b elementor-widget elementor-widget-image\" data-id=\"fa4631b\" data-element_type=\"widget\" data-widget_type=\"image.default\">\n\t\t\t\t<div class=\"elementor-widget-container\">\n\t\t\t\t\t\t\t\t\t\t\t\t\t<img fetchpriority=\"high\" decoding=\"async\" width=\"1024\" height=\"683\" src=\"https:\/\/www.implantdentalbadalona.com\/wp-content\/uploads\/2020\/08\/Brackets-metalicos-1024x683.png\" class=\"attachment-large size-large wp-image-454\" alt=\"Brackets Metalicos\" srcset=\"https:\/\/www.implantdentalbadalona.com\/wp-content\/uploads\/2020\/08\/Brackets-metalicos-1024x683.png 1024w, https:\/\/www.implantdentalbadalona.com\/wp-content\/uploads\/2020\/08\/Brackets-metalicos-300x200.png 300w, https:\/\/www.implantdentalbadalona.com\/wp-content\/uploads\/2020\/08\/Brackets-metalicos-768x512.png 768w, https:\/\/www.implantdentalbadalona.com\/wp-content\/uploads\/2020\/08\/Brackets-metalicos.png 1200w\" sizes=\"(max-width: 1024px) 100vw, 1024px\" \/>\t\t\t\t\t\t\t\t\t\t\t\t\t<\/div>\n\t\t\t\t<\/div>\n\t\t\t\t<div class=\"elementor-element elementor-element-40b825c elementor-widget elementor-widget-image-box\" data-id=\"40b825c\" data-element_type=\"widget\" data-widget_type=\"image-box.default\">\n\t\t\t\t<div class=\"elementor-widget-container\">\n\t\t\t<div class=\"elementor-image-box-wrapper\"><div class=\"elementor-image-box-content\"><h3 class=\"elementor-image-box-title\">Ortod\u00f2ncia amb br\u00e0ckets met\u00e0l\u00b7lics<\/h3><p class=\"elementor-image-box-description\">Es tracta del procediment d'ortod\u00f2ncia m\u00e9s tradicional i demandat. S\u00f3n uns elements adherits a les dents als quals s'ancoren uns arcs flexibles de metall que se sostenen amb unes lligadures. Est\u00e0 desenvolupat per solucionar tot g\u00e8nere d'inconvenients de maloclusi\u00f3 i malposicions dentals, com corregir apinyaments bucals i inconvenients de sobremossegada.<\/p><\/div><\/div>\t\t<\/div>\n\t\t\t\t<\/div>\n\t\t\t\t\t<\/div>\n\t\t<\/div>\n\t\t\t\t<div class=\"elementor-column elementor-col-33 elementor-top-column elementor-element elementor-element-1b1cf5b\" data-id=\"1b1cf5b\" data-element_type=\"column\">\n\t\t\t<div class=\"elementor-widget-wrap elementor-element-populated\">\n\t\t\t\t\t\t<div class=\"elementor-element elementor-element-10f29c7 elementor-widget elementor-widget-image\" data-id=\"10f29c7\" data-element_type=\"widget\" data-widget_type=\"image.default\">\n\t\t\t\t<div class=\"elementor-widget-container\">\n\t\t\t\t\t\t\t\t\t\t\t\t\t<img decoding=\"async\" width=\"1024\" height=\"683\" src=\"https:\/\/www.implantdentalbadalona.com\/wp-content\/uploads\/2020\/08\/invisalign-1024x683.png\" class=\"attachment-large size-large wp-image-456\" alt=\"Invisalign\" srcset=\"https:\/\/www.implantdentalbadalona.com\/wp-content\/uploads\/2020\/08\/invisalign-1024x683.png 1024w, https:\/\/www.implantdentalbadalona.com\/wp-content\/uploads\/2020\/08\/invisalign-300x200.png 300w, https:\/\/www.implantdentalbadalona.com\/wp-content\/uploads\/2020\/08\/invisalign-768x512.png 768w, https:\/\/www.implantdentalbadalona.com\/wp-content\/uploads\/2020\/08\/invisalign.png 1200w\" sizes=\"(max-width: 1024px) 100vw, 1024px\" \/>\t\t\t\t\t\t\t\t\t\t\t\t\t<\/div>\n\t\t\t\t<\/div>\n\t\t\t\t<div class=\"elementor-element elementor-element-3bcefbb elementor-widget elementor-widget-image-box\" data-id=\"3bcefbb\" data-element_type=\"widget\" data-widget_type=\"image-box.default\">\n\t\t\t\t<div class=\"elementor-widget-container\">\n\t\t\t<div class=\"elementor-image-box-wrapper\"><div class=\"elementor-image-box-content\"><h3 class=\"elementor-image-box-title\">Ortod\u00f2ncia invisible<\/h3><p class=\"elementor-image-box-description\">\u00c9s un dels models d'ortod\u00f2ncia m\u00e9s renovadors. Les dents es redrecen mitjan\u00e7ant f\u00e8rules transparents i extra\u00efbles, que es fabriquen a mida per a cada pacient. Cada un parell de setmanes es canvia de joc de f\u00e8rules, i les dents es van movent de forma gradual, fins arribar a la situaci\u00f3 ideal. Indubtablement, \u00e9s l'opci\u00f3 millor per a molts pacients per motius est\u00e8tics.<\/p><\/div><\/div>\t\t<\/div>\n\t\t\t\t<\/div>\n\t\t\t\t\t<\/div>\n\t\t<\/div>\n\t\t\t\t<div class=\"elementor-column elementor-col-33 elementor-top-column elementor-element elementor-element-11426de\" data-id=\"11426de\" data-element_type=\"column\">\n\t\t\t<div class=\"elementor-widget-wrap elementor-element-populated\">\n\t\t\t\t\t\t<div class=\"elementor-element elementor-element-28c91f5 elementor-widget elementor-widget-image\" data-id=\"28c91f5\" data-element_type=\"widget\" data-widget_type=\"image.default\">\n\t\t\t\t<div class=\"elementor-widget-container\">\n\t\t\t\t\t\t\t\t\t\t\t\t\t<img decoding=\"async\" width=\"1024\" height=\"683\" src=\"https:\/\/www.implantdentalbadalona.com\/wp-content\/uploads\/2020\/08\/brackets-esteticos-1024x683.png\" class=\"attachment-large size-large wp-image-452\" alt=\"Brackets Esteticos\" srcset=\"https:\/\/www.implantdentalbadalona.com\/wp-content\/uploads\/2020\/08\/brackets-esteticos-1024x683.png 1024w, https:\/\/www.implantdentalbadalona.com\/wp-content\/uploads\/2020\/08\/brackets-esteticos-300x200.png 300w, https:\/\/www.implantdentalbadalona.com\/wp-content\/uploads\/2020\/08\/brackets-esteticos-768x512.png 768w, https:\/\/www.implantdentalbadalona.com\/wp-content\/uploads\/2020\/08\/brackets-esteticos.png 1200w\" sizes=\"(max-width: 1024px) 100vw, 1024px\" \/>\t\t\t\t\t\t\t\t\t\t\t\t\t<\/div>\n\t\t\t\t<\/div>\n\t\t\t\t<div class=\"elementor-element elementor-element-8811a68 elementor-widget elementor-widget-image-box\" data-id=\"8811a68\" data-element_type=\"widget\" data-widget_type=\"image-box.default\">\n\t\t\t\t<div class=\"elementor-widget-container\">\n\t\t\t<div class=\"elementor-image-box-wrapper\"><div class=\"elementor-image-box-content\"><h3 class=\"elementor-image-box-title\">Ortod\u00f2ncia amb brackets est\u00e8tics<\/h3><p class=\"elementor-image-box-description\">En aquesta classe d'aparells bucal s'usen brackets que tenen la peculiaritat de ser transparents, per tant, \u00e9s l'opci\u00f3 m\u00e9s af\u00ed als brackets tradicionals, mes amb un resultat m\u00e9s est\u00e8tic i tamb\u00e9 inapreciable a causa de l'\u00fas de materials prudents. \u00c9s l'opci\u00f3 alternativa que prefereixen molts pacients tractant-se d'un tractament de curt per\u00edode.<\/p><\/div><\/div>\t\t<\/div>\n\t\t\t\t<\/div>\n\t\t\t\t\t<\/div>\n\t\t<\/div>\n\t\t\t\t\t<\/div>\n\t\t<\/section>\n\t\t\t\t<\/div>\n\t\t","protected":false},"excerpt":{"rendered":"<p>ORTOD\u00d2NCIA L&#8217;ortod\u00f2ncia \u00e9s molt m\u00e9s que alinear dents. \u00c9s l&#8217;especialitat de l&#8217;odontologia que s&#8217;encarrega d&#8217;estudiar, prevenir, diagnosticar i tractar les anomalies de posici\u00f3, relaci\u00f3 i funci\u00f3 de tot el sistema masticatori i articular; \u00e9s l&#8217;encarregada de corregir les dents i ossos que es troben en una posici\u00f3 incorrecta. Iniciant en edats primerenques, amb ortod\u00f2ncia interceptiva, &#8230; <a title=\"Ortod\u00f2ncia\" class=\"read-more\" href=\"https:\/\/www.implantdentalbadalona.com\/ca\/ortodoncia\/\" aria-label=\"M\u00e9s informaci\u00f3 sobre Ortod\u00f2ncia\">Read more<\/a><\/p>\n","protected":false},"author":1,"featured_media":0,"parent":0,"menu_order":0,"comment_status":"closed","ping_status":"closed","template":"","meta":{"_seopress_robots_primary_cat":"","_seopress_titles_title":"","_seopress_titles_desc":"","_seopress_robots_index":"","footnotes":""},"class_list":["post-466","page","type-page","status-publish"],"_links":{"self":[{"href":"https:\/\/www.implantdentalbadalona.com\/ca\/wp-json\/wp\/v2\/pages\/466"}],"collection":[{"href":"https:\/\/www.implantdentalbadalona.com\/ca\/wp-json\/wp\/v2\/pages"}],"about":[{"href":"https:\/\/www.implantdentalbadalona.com\/ca\/wp-json\/wp\/v2\/types\/page"}],"author":[{"embeddable":true,"href":"https:\/\/www.implantdentalbadalona.com\/ca\/wp-json\/wp\/v2\/users\/1"}],"replies":[{"embeddable":true,"href":"https:\/\/www.implantdentalbadalona.com\/ca\/wp-json\/wp\/v2\/comments?post=466"}],"version-history":[{"count":0,"href":"https:\/\/www.implantdentalbadalona.com\/ca\/wp-json\/wp\/v2\/pages\/466\/revisions"}],"wp:attachment":[{"href":"https:\/\/www.implantdentalbadalona.com\/ca\/wp-json\/wp\/v2\/media?parent=466"}],"curies":[{"name":"wp","href":"https:\/\/api.w.org\/{rel}","templated":true}]}}