{"id":468,"date":"2020-08-24T12:36:20","date_gmt":"2020-08-24T12:36:20","guid":{"rendered":"https:\/\/www.implantdentalbadalona.com\/periodoncia\/"},"modified":"2020-09-07T08:30:54","modified_gmt":"2020-09-07T08:30:54","slug":"periodoncia","status":"publish","type":"page","link":"https:\/\/www.implantdentalbadalona.com\/ca\/periodoncia\/","title":{"rendered":"Period\u00f2ncia"},"content":{"rendered":"\t\t<div data-elementor-type=\"wp-page\" data-elementor-id=\"468\" class=\"elementor elementor-468 elementor-215\" data-elementor-post-type=\"page\">\n\t\t\t\t\t\t<section class=\"elementor-section elementor-top-section elementor-element elementor-element-c426887 elementor-section-stretched elementor-section-boxed elementor-section-height-default elementor-section-height-default\" data-id=\"c426887\" data-element_type=\"section\" data-settings=\"{&quot;stretch_section&quot;:&quot;section-stretched&quot;}\">\n\t\t\t\t\t\t\t<div class=\"elementor-background-overlay\"><\/div>\n\t\t\t\t\t\t\t<div class=\"elementor-container elementor-column-gap-default\">\n\t\t\t\t\t<div class=\"elementor-column elementor-col-100 elementor-top-column elementor-element elementor-element-bdd62f2\" data-id=\"bdd62f2\" data-element_type=\"column\">\n\t\t\t<div class=\"elementor-widget-wrap\">\n\t\t\t\t\t\t\t<\/div>\n\t\t<\/div>\n\t\t\t\t\t<\/div>\n\t\t<\/section>\n\t\t\t\t<section class=\"elementor-section elementor-top-section elementor-element elementor-element-0cb17c2 elementor-section-boxed elementor-section-height-default elementor-section-height-default\" data-id=\"0cb17c2\" data-element_type=\"section\">\n\t\t\t\t\t\t<div class=\"elementor-container elementor-column-gap-default\">\n\t\t\t\t\t<div class=\"elementor-column elementor-col-100 elementor-top-column elementor-element elementor-element-baa5e22\" data-id=\"baa5e22\" data-element_type=\"column\">\n\t\t\t<div class=\"elementor-widget-wrap elementor-element-populated\">\n\t\t\t\t\t\t<div class=\"elementor-element elementor-element-8ecda67 elementor-widget elementor-widget-heading\" data-id=\"8ecda67\" data-element_type=\"widget\" data-settings=\"{&quot;motion_fx_motion_fx_scrolling&quot;:&quot;yes&quot;,&quot;motion_fx_translateY_effect&quot;:&quot;yes&quot;,&quot;motion_fx_translateY_speed&quot;:{&quot;unit&quot;:&quot;px&quot;,&quot;size&quot;:&quot;0.5&quot;,&quot;sizes&quot;:[]},&quot;motion_fx_translateY_affectedRange&quot;:{&quot;unit&quot;:&quot;%&quot;,&quot;size&quot;:&quot;&quot;,&quot;sizes&quot;:{&quot;start&quot;:&quot;0&quot;,&quot;end&quot;:&quot;50&quot;}},&quot;motion_fx_opacity_effect&quot;:&quot;yes&quot;,&quot;motion_fx_opacity_range&quot;:{&quot;unit&quot;:&quot;%&quot;,&quot;size&quot;:&quot;&quot;,&quot;sizes&quot;:{&quot;start&quot;:&quot;0&quot;,&quot;end&quot;:&quot;50&quot;}},&quot;motion_fx_devices&quot;:[&quot;desktop&quot;,&quot;mobile&quot;],&quot;motion_fx_opacity_direction&quot;:&quot;out-in&quot;,&quot;motion_fx_opacity_level&quot;:{&quot;unit&quot;:&quot;px&quot;,&quot;size&quot;:10,&quot;sizes&quot;:[]}}\" data-widget_type=\"heading.default\">\n\t\t\t\t<div class=\"elementor-widget-container\">\n\t\t\t<h1 class=\"elementor-heading-title elementor-size-default\">PERIOD\u00d2NCIA<\/h1>\t\t<\/div>\n\t\t\t\t<\/div>\n\t\t\t\t\t<\/div>\n\t\t<\/div>\n\t\t\t\t\t<\/div>\n\t\t<\/section>\n\t\t\t\t<section class=\"elementor-section elementor-top-section elementor-element elementor-element-44192d4 elementor-section-boxed elementor-section-height-default elementor-section-height-default\" data-id=\"44192d4\" data-element_type=\"section\">\n\t\t\t\t\t\t<div class=\"elementor-container elementor-column-gap-default\">\n\t\t\t\t\t<div class=\"elementor-column elementor-col-100 elementor-top-column elementor-element elementor-element-2323421\" data-id=\"2323421\" data-element_type=\"column\">\n\t\t\t<div class=\"elementor-widget-wrap elementor-element-populated\">\n\t\t\t\t\t\t<div class=\"elementor-element elementor-element-61ee860 elementor-widget elementor-widget-text-editor\" data-id=\"61ee860\" data-element_type=\"widget\" data-widget_type=\"text-editor.default\">\n\t\t\t\t<div class=\"elementor-widget-container\">\n\t\t\t\t\t\t\t<p>\u00c9s la branca de l&#8217;odontologia que s&#8217;encarrega de la prevenci\u00f3, diagn\u00f2stic i tractament de les malalties que afecten les estructures que envolten i donen suport a les peces dentals. Poden tenir diverses causes com la predisposici\u00f3 gen\u00e8tica, tabaquisme, diabetis, malalties autoimmunes, canvis hormonals, placa dental, entre altres.<\/p>\n<p>Inicia manifestant-se com una gingivitis (inflamaci\u00f3 i sagnat de la geniva sense afectar l&#8217;os de suport) i pot evolucionar a periodontitis, etapa on hi ha afectaci\u00f3 de el suport ossi dental.<\/p>\n<p>Un tractament periodontal consisteix en l&#8217;eliminaci\u00f3 dels factors desencadenants de la malaltia, com poden ser la correcci\u00f3 de la t\u00e8cnica d&#8217;higiene dental, curetatges i controls peri\u00f2dics.<\/p>\n\t\t\t\t\t\t<\/div>\n\t\t\t\t<\/div>\n\t\t\t\t\t<\/div>\n\t\t<\/div>\n\t\t\t\t\t<\/div>\n\t\t<\/section>\n\t\t\t\t<section class=\"elementor-section elementor-top-section elementor-element elementor-element-7738daa elementor-section-boxed elementor-section-height-default elementor-section-height-default\" data-id=\"7738daa\" data-element_type=\"section\">\n\t\t\t\t\t\t<div class=\"elementor-container elementor-column-gap-default\">\n\t\t\t\t\t<div class=\"elementor-column elementor-col-100 elementor-top-column elementor-element elementor-element-0247405\" data-id=\"0247405\" data-element_type=\"column\">\n\t\t\t<div class=\"elementor-widget-wrap elementor-element-populated\">\n\t\t\t\t\t\t<div class=\"elementor-element elementor-element-ca13957 elementor-widget elementor-widget-heading\" data-id=\"ca13957\" data-element_type=\"widget\" data-widget_type=\"heading.default\">\n\t\t\t\t<div class=\"elementor-widget-container\">\n\t\t\t<h2 class=\"elementor-heading-title elementor-size-default\">Qu\u00e8 \u00e9s la Gingivitis<\/h2>\t\t<\/div>\n\t\t\t\t<\/div>\n\t\t\t\t<div class=\"elementor-element elementor-element-e3e1f45 elementor-widget elementor-widget-text-editor\" data-id=\"e3e1f45\" data-element_type=\"widget\" data-widget_type=\"text-editor.default\">\n\t\t\t\t<div class=\"elementor-widget-container\">\n\t\t\t\t\t\t\t<p>El sagnat de genives \u00e9s un dels s\u00edmptomes m\u00e9s habituals de la poblaci\u00f3 i si b\u00e9 for\u00e7a gent el normalitza \u00e9s veritablement el comen\u00e7ament d&#8217;un problema m\u00e8dic, la piorrea, una de les malalties de les genives que afecta pr\u00e0cticament a un seixanta per cent de la poblaci\u00f3.<\/p>\n<p>Gingivitis, com el seu nom ho assenyala \u00e9s la inflamaci\u00f3 de les genives i pot estar ocasionat per mala higiene, acumulaci\u00f3 de bacteris o b\u00e9 un desajust hormonal que pot afectar especialment adolescents i embarassades. Els seus s\u00edmptomes s\u00f3n la inflamaci\u00f3 i enrogiment de la geniva acompanyats de sagnat a l&#8217;raspallar o b\u00e9 a l&#8217;ingerir comestibles durs (per servir-nos d&#8217;un exemple una poma).<\/p>\n<p>Si la gingivitis \u00e9s detectada a temps el seu tractament \u00e9s f\u00e0cil a trav\u00e9s d&#8217;una higiene bucal professional. La continu\u00eftat en la casa d&#8217;una adequada higiene bucal di\u00e0ria, sumat a les visites peri\u00f2diques a l&#8217;dentista per a revisi\u00f3 i control m\u00e8dic s\u00f3n les pautes per a la prevenci\u00f3 de la gingivitis.<\/p>\n\t\t\t\t\t\t<\/div>\n\t\t\t\t<\/div>\n\t\t\t\t\t<\/div>\n\t\t<\/div>\n\t\t\t\t\t<\/div>\n\t\t<\/section>\n\t\t\t\t<section class=\"elementor-section elementor-top-section elementor-element elementor-element-48118ac elementor-section-boxed elementor-section-height-default elementor-section-height-default\" data-id=\"48118ac\" data-element_type=\"section\">\n\t\t\t\t\t\t<div class=\"elementor-container elementor-column-gap-default\">\n\t\t\t\t\t<div class=\"elementor-column elementor-col-100 elementor-top-column elementor-element elementor-element-8de8df1\" data-id=\"8de8df1\" data-element_type=\"column\">\n\t\t\t<div class=\"elementor-widget-wrap elementor-element-populated\">\n\t\t\t\t\t\t<div class=\"elementor-element elementor-element-802d248 elementor-widget elementor-widget-heading\" data-id=\"802d248\" data-element_type=\"widget\" data-widget_type=\"heading.default\">\n\t\t\t\t<div class=\"elementor-widget-container\">\n\t\t\t<h2 class=\"elementor-heading-title elementor-size-default\">S\u00edmptomes de la Periodontitis<\/h2>\t\t<\/div>\n\t\t\t\t<\/div>\n\t\t\t\t<div class=\"elementor-element elementor-element-0c5ada0 elementor-widget elementor-widget-text-editor\" data-id=\"0c5ada0\" data-element_type=\"widget\" data-widget_type=\"text-editor.default\">\n\t\t\t\t<div class=\"elementor-widget-container\">\n\t\t\t\t\t\t\t<p>Les nostres peces bucals, gr\u00e0cies a unes complexes estructures que envolten i aguanten a la dent, estan unides a l&#8217;os per a un adequat funcionament. Quan es genera una acumulaci\u00f3 de placa bacteriana a la geniva, aquesta pel\u00b7l\u00edcula cobrir\u00e0 completament la dent fins arribar a l&#8217;arrel, com a conseq\u00fc\u00e8ncia, les genives es inflamar\u00e1n, presentessin un aspecte vermell\u00f3s, podent apreciar sensibilitat bucal i inclusivament mobilitat.<\/p>\n<p>Podr\u00edem dir, que el primer s\u00edmptoma d&#8217;una malaltia de l&#8217;periodonci \u00e9s apreciar l&#8217;increment de mida i el color vermell intens de les genives.<\/p>\n<p>En la major part dels casos, les genives sagnen al llarg de la raspallada i en ocasions ho fan de forma espont\u00e0nia. El pacient aix\u00ed mateix pot patir sensibilitat bucal tant a el fred com la calor.<\/p>\n<p>Quan la periodontitis ha superat les primeres fases, el pacient podr\u00e0 provar mobilitat a les dents i l&#8217;aparici\u00f3 d&#8217;espais entre les peces bucals i la pr\u00f2pia geniva. El mal al\u00e8 pot ser un altre indicatiu que el pacient pateix una malaltia periodontal.<\/p>\n\t\t\t\t\t\t<\/div>\n\t\t\t\t<\/div>\n\t\t\t\t\t<\/div>\n\t\t<\/div>\n\t\t\t\t\t<\/div>\n\t\t<\/section>\n\t\t\t\t<section class=\"elementor-section elementor-top-section elementor-element elementor-element-7b0f46a elementor-section-boxed elementor-section-height-default elementor-section-height-default\" data-id=\"7b0f46a\" data-element_type=\"section\">\n\t\t\t\t\t\t<div class=\"elementor-container elementor-column-gap-default\">\n\t\t\t\t\t<div class=\"elementor-column elementor-col-100 elementor-top-column elementor-element elementor-element-e595680\" data-id=\"e595680\" data-element_type=\"column\">\n\t\t\t<div class=\"elementor-widget-wrap elementor-element-populated\">\n\t\t\t\t\t\t<div class=\"elementor-element elementor-element-857d4a3 elementor-widget elementor-widget-heading\" data-id=\"857d4a3\" data-element_type=\"widget\" data-widget_type=\"heading.default\">\n\t\t\t\t<div class=\"elementor-widget-container\">\n\t\t\t<h3 class=\"elementor-heading-title elementor-size-default\">Quan puc necessitar una Period\u00f2ncia<\/h3>\t\t<\/div>\n\t\t\t\t<\/div>\n\t\t\t\t<div class=\"elementor-element elementor-element-0307e0c elementor-widget elementor-widget-text-editor\" data-id=\"0307e0c\" data-element_type=\"widget\" data-widget_type=\"text-editor.default\">\n\t\t\t\t<div class=\"elementor-widget-container\">\n\t\t\t\t\t\t\t<p>Aquests s\u00f3n alguns dels s\u00edmptomes que poden derivar en la necessitat d&#8217;una Period\u00f2ncia:<\/p>\n<ul>\n<li>Em sagnen la genives a l&#8217;raspallar.<\/li>\n<li>Tinc mal gust o mala olor de boca.<\/li>\n<li>Es em mouen les dents.<\/li>\n<li>Es em queda molt menjar entre les dents.<\/li>\n<li>Ensenyo molta geniva quan somric.<\/li>\n<\/ul>\n\t\t\t\t\t\t<\/div>\n\t\t\t\t<\/div>\n\t\t\t\t\t<\/div>\n\t\t<\/div>\n\t\t\t\t\t<\/div>\n\t\t<\/section>\n\t\t\t\t<section class=\"elementor-section elementor-top-section elementor-element elementor-element-d875f4e elementor-section-boxed elementor-section-height-default elementor-section-height-default\" data-id=\"d875f4e\" data-element_type=\"section\">\n\t\t\t\t\t\t<div class=\"elementor-container elementor-column-gap-default\">\n\t\t\t\t\t<div class=\"elementor-column elementor-col-100 elementor-top-column elementor-element elementor-element-0f501db\" data-id=\"0f501db\" data-element_type=\"column\">\n\t\t\t<div class=\"elementor-widget-wrap elementor-element-populated\">\n\t\t\t\t\t\t<div class=\"elementor-element elementor-element-12988b8 elementor-widget elementor-widget-heading\" data-id=\"12988b8\" data-element_type=\"widget\" data-widget_type=\"heading.default\">\n\t\t\t\t<div class=\"elementor-widget-container\">\n\t\t\t<h3 class=\"elementor-heading-title elementor-size-default\">Tipus de Tractaments de Period\u00f2ncia<\/h3>\t\t<\/div>\n\t\t\t\t<\/div>\n\t\t\t\t<div class=\"elementor-element elementor-element-3337085 elementor-widget elementor-widget-text-editor\" data-id=\"3337085\" data-element_type=\"widget\" data-widget_type=\"text-editor.default\">\n\t\t\t\t<div class=\"elementor-widget-container\">\n\t\t\t\t\t\t\t<ul>\n<li>Raspats.<\/li>\n<li>Empelts d&#8217;os.<\/li>\n<li>Empelts de genives.<\/li>\n<li>Microcirurgia.<\/li>\n<\/ul>\n\t\t\t\t\t\t<\/div>\n\t\t\t\t<\/div>\n\t\t\t\t\t<\/div>\n\t\t<\/div>\n\t\t\t\t\t<\/div>\n\t\t<\/section>\n\t\t\t\t<section class=\"elementor-section elementor-top-section elementor-element elementor-element-a71cdd0 elementor-section-boxed elementor-section-height-default elementor-section-height-default\" data-id=\"a71cdd0\" data-element_type=\"section\">\n\t\t\t\t\t\t<div class=\"elementor-container elementor-column-gap-default\">\n\t\t\t\t\t<div class=\"elementor-column elementor-col-100 elementor-top-column elementor-element elementor-element-2b8341b\" data-id=\"2b8341b\" data-element_type=\"column\">\n\t\t\t<div class=\"elementor-widget-wrap\">\n\t\t\t\t\t\t\t<\/div>\n\t\t<\/div>\n\t\t\t\t\t<\/div>\n\t\t<\/section>\n\t\t\t\t<section class=\"elementor-section elementor-top-section elementor-element elementor-element-46f9452 elementor-section-content-middle elementor-section-stretched elementor-section-full_width elementor-section-height-default elementor-section-height-default\" data-id=\"46f9452\" data-element_type=\"section\" data-settings=\"{&quot;stretch_section&quot;:&quot;section-stretched&quot;}\">\n\t\t\t\t\t\t<div class=\"elementor-container elementor-column-gap-no\">\n\t\t\t\t\t<div class=\"elementor-column elementor-col-100 elementor-top-column elementor-element elementor-element-f16be49\" data-id=\"f16be49\" data-element_type=\"column\">\n\t\t\t<div class=\"elementor-widget-wrap elementor-element-populated\">\n\t\t\t\t\t\t<div class=\"elementor-element elementor-element-1912455 elementor-widget elementor-widget-heading\" data-id=\"1912455\" data-element_type=\"widget\" data-widget_type=\"heading.default\">\n\t\t\t\t<div class=\"elementor-widget-container\">\n\t\t\t<h2 class=\"elementor-heading-title elementor-size-default\">Preguntes Freq\u00fcents sobre Period\u00f2ncia<\/h2>\t\t<\/div>\n\t\t\t\t<\/div>\n\t\t\t\t<div class=\"elementor-element elementor-element-c6a4ae5 elementor-widget elementor-widget-heading\" data-id=\"c6a4ae5\" data-element_type=\"widget\" data-widget_type=\"heading.default\">\n\t\t\t\t<div class=\"elementor-widget-container\">\n\t\t\t<h5 class=\"elementor-heading-title elementor-size-default\">FAQ'S<\/h5>\t\t<\/div>\n\t\t\t\t<\/div>\n\t\t\t\t<div class=\"elementor-element elementor-element-5f09ef0 elementor-widget elementor-widget-toggle\" data-id=\"5f09ef0\" data-element_type=\"widget\" data-widget_type=\"toggle.default\">\n\t\t\t\t<div class=\"elementor-widget-container\">\n\t\t\t\t\t<div class=\"elementor-toggle\">\n\t\t\t\t\t\t\t<div class=\"elementor-toggle-item\">\n\t\t\t\t\t<div id=\"elementor-tab-title-9961\" class=\"elementor-tab-title\" data-tab=\"1\" role=\"button\" aria-controls=\"elementor-tab-content-9961\" aria-expanded=\"false\">\n\t\t\t\t\t\t\t\t\t\t\t\t<span class=\"elementor-toggle-icon elementor-toggle-icon-right\" aria-hidden=\"true\">\n\t\t\t\t\t\t\t\t\t\t\t\t\t\t\t<span class=\"elementor-toggle-icon-closed\"><i class=\"fas fa-caret-right\"><\/i><\/span>\n\t\t\t\t\t\t\t\t<span class=\"elementor-toggle-icon-opened\"><i class=\"elementor-toggle-icon-opened fas fa-caret-up\"><\/i><\/span>\n\t\t\t\t\t\t\t\t\t\t\t\t\t<\/span>\n\t\t\t\t\t\t\t\t\t\t\t\t<a class=\"elementor-toggle-title\" tabindex=\"0\">Fa mal la Periodontitis?<\/a>\n\t\t\t\t\t<\/div>\n\n\t\t\t\t\t<div id=\"elementor-tab-content-9961\" class=\"elementor-tab-content elementor-clearfix\" data-tab=\"1\" role=\"region\" aria-labelledby=\"elementor-tab-title-9961\"><p>A l&#8217;igual que hem de procurar acudir a les revisions dentals anuals per mantenir un estat de salut bucal saludable, la higiene dental \u00e9s necess\u00e0ria almenys una vegada a l&#8217;any.<\/p>\n<p>De vegades estar\u00e0 indicada fer-la 2 o 3 vegades a l&#8217;any a causa de diversos factors, com: la predisposici\u00f3 de l&#8217;pacient a patir de gingivitis (inflamaci\u00f3 de la geniva), una acumulaci\u00f3 de tosca dental r\u00e0pid i abundant o a les tincions dentals.<\/p>\n<\/div>\n\t\t\t\t<\/div>\n\t\t\t\t\t\t\t<div class=\"elementor-toggle-item\">\n\t\t\t\t\t<div id=\"elementor-tab-title-9962\" class=\"elementor-tab-title\" data-tab=\"2\" role=\"button\" aria-controls=\"elementor-tab-content-9962\" aria-expanded=\"false\">\n\t\t\t\t\t\t\t\t\t\t\t\t<span class=\"elementor-toggle-icon elementor-toggle-icon-right\" aria-hidden=\"true\">\n\t\t\t\t\t\t\t\t\t\t\t\t\t\t\t<span class=\"elementor-toggle-icon-closed\"><i class=\"fas fa-caret-right\"><\/i><\/span>\n\t\t\t\t\t\t\t\t<span class=\"elementor-toggle-icon-opened\"><i class=\"elementor-toggle-icon-opened fas fa-caret-up\"><\/i><\/span>\n\t\t\t\t\t\t\t\t\t\t\t\t\t<\/span>\n\t\t\t\t\t\t\t\t\t\t\t\t<a class=\"elementor-toggle-title\" tabindex=\"0\">Quantes higienes he de fer-me a l'any?<\/a>\n\t\t\t\t\t<\/div>\n\n\t\t\t\t\t<div id=\"elementor-tab-content-9962\" class=\"elementor-tab-content elementor-clearfix\" data-tab=\"2\" role=\"region\" aria-labelledby=\"elementor-tab-title-9962\"><p>La gingivitis i periodontitis s\u00f3n les causants de l&#8217;sagnat de la geniva, i l&#8217;\u00fanica forma de controlar-\u00e9s eliminant els factors que l&#8217;estan ocasionant, en aquests casos hem d&#8217;acudir a l&#8217;dentista perqu\u00e8 se&#8217;ns faci un tractament correcte:<\/p>\n<ul>\n<li>Higiene dental, es realitza sense anest\u00e8sia per eliminar la tosca dental acumulat sobre la superf\u00edcie dental.<\/li>\n<li>Curetatges, higiene dental profunda que es realitza amb anest\u00e8sia local per eliminar l&#8217;acumulaci\u00f3 de tosca que es troba per sota de la geniva.<\/li>\n<li>Ensenyament d&#8217;una t\u00e8cnica correcta de raspallat dental i posteriorment els controls necessaris indicats per l&#8217;odont\u00f2leg.<\/li>\n<\/ul>\n<\/div>\n\t\t\t\t<\/div>\n\t\t\t\t\t\t\t<div class=\"elementor-toggle-item\">\n\t\t\t\t\t<div id=\"elementor-tab-title-9963\" class=\"elementor-tab-title\" data-tab=\"3\" role=\"button\" aria-controls=\"elementor-tab-content-9963\" aria-expanded=\"false\">\n\t\t\t\t\t\t\t\t\t\t\t\t<span class=\"elementor-toggle-icon elementor-toggle-icon-right\" aria-hidden=\"true\">\n\t\t\t\t\t\t\t\t\t\t\t\t\t\t\t<span class=\"elementor-toggle-icon-closed\"><i class=\"fas fa-caret-right\"><\/i><\/span>\n\t\t\t\t\t\t\t\t<span class=\"elementor-toggle-icon-opened\"><i class=\"elementor-toggle-icon-opened fas fa-caret-up\"><\/i><\/span>\n\t\t\t\t\t\t\t\t\t\t\t\t\t<\/span>\n\t\t\t\t\t\t\t\t\t\t\t\t<a class=\"elementor-toggle-title\" tabindex=\"0\">Com puc eliminar el sagnat?<\/a>\n\t\t\t\t\t<\/div>\n\n\t\t\t\t\t<div id=\"elementor-tab-content-9963\" class=\"elementor-tab-content elementor-clearfix\" data-tab=\"3\" role=\"region\" aria-labelledby=\"elementor-tab-title-9963\"><p>Si, pot ocasionar dolor per l&#8217;estat d&#8217;inflamaci\u00f3 dels teixits de suport que envolten les dents, aix\u00ed com mala olor (halitosi), sagnat, sensibilitat, mobilitat i arribar fins a la p\u00e8rdua de les peces dentals en etapes avan\u00e7ades.<\/p>\n<\/div>\n\t\t\t\t<\/div>\n\t\t\t\t\t\t\t\t<\/div>\n\t\t\t\t<\/div>\n\t\t\t\t<\/div>\n\t\t\t\t\t<\/div>\n\t\t<\/div>\n\t\t\t\t\t<\/div>\n\t\t<\/section>\n\t\t\t\t<\/div>\n\t\t","protected":false},"excerpt":{"rendered":"<p>PERIOD\u00d2NCIA \u00c9s la branca de l&#8217;odontologia que s&#8217;encarrega de la prevenci\u00f3, diagn\u00f2stic i tractament de les malalties que afecten les estructures que envolten i donen suport a les peces dentals. Poden tenir diverses causes com la predisposici\u00f3 gen\u00e8tica, tabaquisme, diabetis, malalties autoimmunes, canvis hormonals, placa dental, entre altres. Inicia manifestant-se com una gingivitis (inflamaci\u00f3 i &#8230; <a title=\"Period\u00f2ncia\" class=\"read-more\" href=\"https:\/\/www.implantdentalbadalona.com\/ca\/periodoncia\/\" aria-label=\"M\u00e9s informaci\u00f3 sobre Period\u00f2ncia\">Read more<\/a><\/p>\n","protected":false},"author":1,"featured_media":0,"parent":0,"menu_order":0,"comment_status":"closed","ping_status":"closed","template":"","meta":{"_seopress_robots_primary_cat":"","_seopress_titles_title":"","_seopress_titles_desc":"","_seopress_robots_index":"","footnotes":""},"class_list":["post-468","page","type-page","status-publish"],"_links":{"self":[{"href":"https:\/\/www.implantdentalbadalona.com\/ca\/wp-json\/wp\/v2\/pages\/468"}],"collection":[{"href":"https:\/\/www.implantdentalbadalona.com\/ca\/wp-json\/wp\/v2\/pages"}],"about":[{"href":"https:\/\/www.implantdentalbadalona.com\/ca\/wp-json\/wp\/v2\/types\/page"}],"author":[{"embeddable":true,"href":"https:\/\/www.implantdentalbadalona.com\/ca\/wp-json\/wp\/v2\/users\/1"}],"replies":[{"embeddable":true,"href":"https:\/\/www.implantdentalbadalona.com\/ca\/wp-json\/wp\/v2\/comments?post=468"}],"version-history":[{"count":0,"href":"https:\/\/www.implantdentalbadalona.com\/ca\/wp-json\/wp\/v2\/pages\/468\/revisions"}],"wp:attachment":[{"href":"https:\/\/www.implantdentalbadalona.com\/ca\/wp-json\/wp\/v2\/media?parent=468"}],"curies":[{"name":"wp","href":"https:\/\/api.w.org\/{rel}","templated":true}]}}